{"id":3235,"date":"2018-04-23T23:14:35","date_gmt":"2018-04-23T22:14:35","guid":{"rendered":"http:\/\/www.gabrielsanz.es\/web\/?page_id=3235"},"modified":"2023-01-18T23:01:04","modified_gmt":"2023-01-18T22:01:04","slug":"author","status":"publish","type":"page","link":"https:\/\/www.gabrielsanz.es\/web\/author\/","title":{"rendered":"Autor"},"content":{"rendered":"<div class=\"wp-block-image\">\n<figure class=\"aligncenter is-resized\"><img loading=\"lazy\" decoding=\"async\" src=\"https:\/\/www.gabrielsanz.es\/web\/wp-content\/uploads\/2018\/03\/Avatar-2x6-500x333.jpg\" alt=\"Gabrriel Sanz Glitch Artista visual\" class=\"wp-image-3189\" width=\"500\" height=\"333\" srcset=\"https:\/\/www.gabrielsanz.es\/web\/wp-content\/uploads\/2018\/03\/Avatar-2x6-500x333.jpg 500w, https:\/\/www.gabrielsanz.es\/web\/wp-content\/uploads\/2018\/03\/Avatar-2x6-150x100.jpg 150w, https:\/\/www.gabrielsanz.es\/web\/wp-content\/uploads\/2018\/03\/Avatar-2x6-200x133.jpg 200w, https:\/\/www.gabrielsanz.es\/web\/wp-content\/uploads\/2018\/03\/Avatar-2x6-768x512.jpg 768w, https:\/\/www.gabrielsanz.es\/web\/wp-content\/uploads\/2018\/03\/Avatar-2x6.jpg 960w\" sizes=\"auto, (max-width: 500px) 100vw, 500px\" \/><figcaption class=\"wp-element-caption\">Artista visual Gabriel Sanz Glitch, fotografia, ilustracion, dise\u00f1o,<\/figcaption><\/figure>\n<\/div>\n\n\n<p class=\"has-very-light-gray-background-color has-background\">Entrevista a Gabriel Sanz, conexi\u00f3n entre objetos incomunicados  por <em>carmenmarsal.com<\/em>    <a href=\"https:\/\/drive.google.com\/file\/d\/1Y7u7HM1TLvUn_WQJu91hFrf708-SALZO\/view?usp=sharing\" target=\"_blank\" rel=\"noreferrer noopener\">PDF<\/a><\/p>\n\n\n\n<div class=\"wp-block-group\"><div class=\"wp-block-group__inner-container is-layout-flow wp-block-group-is-layout-flow\"><\/div><\/div>\n\n\n\n<blockquote class=\"wp-block-quote is-layout-flow wp-block-quote-is-layout-flow\">\n<pre class=\"wp-block-code\"><code>\u00abSoy de Madrid y tanto mi formaci\u00f3n como mi actividad laboral ha estado durante a\u00f1os\nvinculada a la tecnolog\u00eda (Electr\u00f3nica, sistemas de energ\u00eda, montajes, telecomunicaciones,\ninform\u00e1tica \u2026) En el 2005 se impone un cambio y durante la b\u00fasqueda de nuevas\nexpectativas, me acabo centrando en \u00e1reas creativas sobre las que siempre hab\u00eda estado\nexperimentando y estudiando, pero que hasta entonces solo eran un pasatiempo.\u00bb\n\n\u00abNo siempre me interesaron las mismas cosas ni con igual intensidad. Mis\npadres ten\u00edan un taller de artesan\u00eda en casa y siempre and\u00e1bamos jugando y manipulando\ntodo tipo de materiales. Mi padre era un fant\u00e1stico dibujante y de ah\u00ed surge mi primer\ninter\u00e9s por lo visual. Yo nunca deje de dibujar, aunque nada serio, pero es algo que me divierte.\nCon los a\u00f1os fui experimentando y probando tambi\u00e9n con distintas disciplinas visuales o con\nla m\u00fasica.\n\n\nEn el 94 empece a trabajar integrando sistemas inform\u00e1ticos dedicados a la edici\u00f3n de video,\nanimaci\u00f3n 2D y 3D, procesado digital de im\u00e1genes, composici\u00f3n, etc.\nFue un gran cambio en muchos aspectos y aprend\u00ed mucho de compa\u00f1eros y algunos clientes,\nartistas y profesionales reconocidos en esas \u00e1reas, que no tuvieron problemas en ense\u00f1arme\ncomo hac\u00edan las cosas cuando mostraba inter\u00e9s por su trabajo.\n\nPor entonces mi relaci\u00f3n con la fotograf\u00eda era limitada, usaba c\u00e1maras desechables, me\ninteresaba especialmente lo obsoleto y fotografiaba detalles, estructuras, motivos industriales,\npero era algo m\u00e1s documental que otra cosa.\n\n\nEn alg\u00fan momento me hice con un equipo m\u00e1s digno y aunque la idea era poder captar\ntexturas con cierta calidad para utilizarlas en im\u00e1genes creadas con software 3D, pronto se\nabri\u00f3 un mundo nuevo y lleno de posibilidades creativas que no dude en explorar\u00bb<\/code><\/pre>\n<\/blockquote>\n\n\n\n<hr class=\"wp-block-separator has-css-opacity\"\/>\n\n\n\n<p class=\"has-cyan-bluish-gray-background-color has-background\"><strong>Ilum\u00edname<\/strong>.  Primer premio: Concurso de Fotograf\u00eda  <em>\u201cSostenibilidad Dom\u00e9stica\u201d<\/em>  2011.  Concurso promovido por<a rel=\"noreferrer noopener\" href=\"https:\/\/www.solardecathlon.gov\/international-europe.html\" target=\"_blank\"> Solar Decathlon Europe<\/a> y la colaboraci\u00f3n de  <a rel=\"noreferrer noopener\" href=\"http:\/\/www.phe.es\/\" target=\"_blank\">PhotoEspa\u00f1a<\/a>   <\/p>\n\n\n<div class=\"wp-block-image\">\n<figure class=\"aligncenter is-resized\"><img loading=\"lazy\" decoding=\"async\" src=\"https:\/\/www.gabrielsanz.es\/web\/wp-content\/uploads\/2011\/04\/iluminame-500x332.jpg\" alt=\"iluminame\" class=\"wp-image-371\" width=\"375\" height=\"249\" srcset=\"https:\/\/www.gabrielsanz.es\/web\/wp-content\/uploads\/2011\/04\/iluminame-500x332.jpg 500w, https:\/\/www.gabrielsanz.es\/web\/wp-content\/uploads\/2011\/04\/iluminame-150x99.jpg 150w, https:\/\/www.gabrielsanz.es\/web\/wp-content\/uploads\/2011\/04\/iluminame-300x199.jpg 300w, https:\/\/www.gabrielsanz.es\/web\/wp-content\/uploads\/2011\/04\/iluminame.jpg 910w\" sizes=\"auto, (max-width: 375px) 100vw, 375px\" \/><\/figure>\n<\/div>\n\n\n<hr class=\"wp-block-separator has-css-opacity\"\/>\n","protected":false},"excerpt":{"rendered":"<p>Entrevista a Gabriel Sanz, conexi\u00f3n entre objetos incomunicados por carmenmarsal.com PDF Ilum\u00edname. Primer premio: Concurso de Fotograf\u00eda \u201cSostenibilidad Dom\u00e9stica\u201d 2011. Concurso promovido por Solar Decathlon Europe y la colaboraci\u00f3n de PhotoEspa\u00f1a<\/p>\n","protected":false},"author":1,"featured_media":3239,"parent":0,"menu_order":0,"comment_status":"closed","ping_status":"closed","template":"","meta":{"footnotes":""},"class_list":["post-3235","page","type-page","status-publish","has-post-thumbnail","czr-hentry"],"yoast_head":"<!-- This site is optimized with the Yoast SEO plugin v27.5 - https:\/\/yoast.com\/product\/yoast-seo-wordpress\/ -->\n<title>Gabriel Sanz Glitch - Artes visuales, fotografia ilustracion,dise\u00f1o<\/title>\n<meta name=\"description\" content=\"Artista visual Gabriel Sanz Glitch, Fotograf\u00eda, ilustraci\u00f3n, dise\u00f1o. En el Blog actualizaciones sobre obras y proyectos, experimentacion visual, video y 3D\" \/>\n<meta name=\"robots\" content=\"index, follow, max-snippet:-1, max-image-preview:large, max-video-preview:-1\" \/>\n<link rel=\"canonical\" href=\"https:\/\/www.gabrielsanz.es\/web\/author\/\" \/>\n<meta property=\"og:locale\" content=\"es_ES\" \/>\n<meta property=\"og:type\" content=\"article\" \/>\n<meta property=\"og:title\" content=\"Gabriel Sanz Glitch - Artes visuales, fotografia ilustracion,dise\u00f1o\" \/>\n<meta property=\"og:description\" content=\"Artista visual Gabriel Sanz Glitch, Fotograf\u00eda, ilustraci\u00f3n, dise\u00f1o. En el Blog actualizaciones sobre obras y proyectos, experimentacion visual, video y 3D\" \/>\n<meta property=\"og:url\" content=\"https:\/\/www.gabrielsanz.es\/web\/author\/\" \/>\n<meta property=\"og:site_name\" content=\"Gabriel Sanz Glitch\" \/>\n<meta property=\"article:publisher\" content=\"https:\/\/www.facebook.com\/gabrielsanz.glitch\" \/>\n<meta property=\"article:modified_time\" content=\"2023-01-18T22:01:04+00:00\" \/>\n<meta property=\"og:image\" content=\"https:\/\/www.gabrielsanz.es\/web\/wp-content\/uploads\/2018\/04\/avatar-perfil.jpg\" \/>\n\t<meta property=\"og:image:width\" content=\"816\" \/>\n\t<meta property=\"og:image:height\" content=\"816\" \/>\n\t<meta property=\"og:image:type\" content=\"image\/jpeg\" \/>\n<meta name=\"twitter:card\" content=\"summary_large_image\" \/>\n<meta name=\"twitter:site\" content=\"@GabrielSanz_Art\" \/>\n<meta name=\"twitter:label1\" content=\"Tiempo de lectura\" \/>\n\t<meta name=\"twitter:data1\" content=\"2 minutos\" \/>\n<script type=\"application\/ld+json\" class=\"yoast-schema-graph\">{\"@context\":\"https:\\\/\\\/schema.org\",\"@graph\":[{\"@type\":\"WebPage\",\"@id\":\"https:\\\/\\\/www.gabrielsanz.es\\\/web\\\/author\\\/\",\"url\":\"https:\\\/\\\/www.gabrielsanz.es\\\/web\\\/author\\\/\",\"name\":\"Gabriel Sanz Glitch - Artes visuales, fotografia ilustracion,dise\u00f1o\",\"isPartOf\":{\"@id\":\"https:\\\/\\\/www.gabrielsanz.es\\\/web\\\/#website\"},\"primaryImageOfPage\":{\"@id\":\"https:\\\/\\\/www.gabrielsanz.es\\\/web\\\/author\\\/#primaryimage\"},\"image\":{\"@id\":\"https:\\\/\\\/www.gabrielsanz.es\\\/web\\\/author\\\/#primaryimage\"},\"thumbnailUrl\":\"https:\\\/\\\/www.gabrielsanz.es\\\/web\\\/wp-content\\\/uploads\\\/2018\\\/04\\\/avatar-perfil.jpg\",\"datePublished\":\"2018-04-23T22:14:35+00:00\",\"dateModified\":\"2023-01-18T22:01:04+00:00\",\"description\":\"Artista visual Gabriel Sanz Glitch, Fotograf\u00eda, ilustraci\u00f3n, dise\u00f1o. En el Blog actualizaciones sobre obras y proyectos, experimentacion visual, video y 3D\",\"breadcrumb\":{\"@id\":\"https:\\\/\\\/www.gabrielsanz.es\\\/web\\\/author\\\/#breadcrumb\"},\"inLanguage\":\"es\",\"potentialAction\":[{\"@type\":\"ReadAction\",\"target\":[\"https:\\\/\\\/www.gabrielsanz.es\\\/web\\\/author\\\/\"]}]},{\"@type\":\"ImageObject\",\"inLanguage\":\"es\",\"@id\":\"https:\\\/\\\/www.gabrielsanz.es\\\/web\\\/author\\\/#primaryimage\",\"url\":\"https:\\\/\\\/www.gabrielsanz.es\\\/web\\\/wp-content\\\/uploads\\\/2018\\\/04\\\/avatar-perfil.jpg\",\"contentUrl\":\"https:\\\/\\\/www.gabrielsanz.es\\\/web\\\/wp-content\\\/uploads\\\/2018\\\/04\\\/avatar-perfil.jpg\",\"width\":816,\"height\":816,\"caption\":\"Retrato Gabriel Sanz\"},{\"@type\":\"BreadcrumbList\",\"@id\":\"https:\\\/\\\/www.gabrielsanz.es\\\/web\\\/author\\\/#breadcrumb\",\"itemListElement\":[{\"@type\":\"ListItem\",\"position\":1,\"name\":\"Portada\",\"item\":\"https:\\\/\\\/www.gabrielsanz.es\\\/web\\\/\"},{\"@type\":\"ListItem\",\"position\":2,\"name\":\"Autor\"}]},{\"@type\":\"WebSite\",\"@id\":\"https:\\\/\\\/www.gabrielsanz.es\\\/web\\\/#website\",\"url\":\"https:\\\/\\\/www.gabrielsanz.es\\\/web\\\/\",\"name\":\"Gabriel Sanz Glitch\",\"description\":\"Artes visuales. Fotograf\u00eda, ilustraci\u00f3n, dise\u00f1o\",\"publisher\":{\"@id\":\"https:\\\/\\\/www.gabrielsanz.es\\\/web\\\/#\\\/schema\\\/person\\\/0a3b27f1958980a66f7d2afb3183dca2\"},\"potentialAction\":[{\"@type\":\"SearchAction\",\"target\":{\"@type\":\"EntryPoint\",\"urlTemplate\":\"https:\\\/\\\/www.gabrielsanz.es\\\/web\\\/?s={search_term_string}\"},\"query-input\":{\"@type\":\"PropertyValueSpecification\",\"valueRequired\":true,\"valueName\":\"search_term_string\"}}],\"inLanguage\":\"es\"},{\"@type\":[\"Person\",\"Organization\"],\"@id\":\"https:\\\/\\\/www.gabrielsanz.es\\\/web\\\/#\\\/schema\\\/person\\\/0a3b27f1958980a66f7d2afb3183dca2\",\"name\":\"Gabriel Sanz Glitch\",\"image\":{\"@type\":\"ImageObject\",\"inLanguage\":\"es\",\"@id\":\"https:\\\/\\\/www.gabrielsanz.es\\\/web\\\/wp-content\\\/uploads\\\/2018\\\/03\\\/Avatar-2x6.jpg\",\"url\":\"https:\\\/\\\/www.gabrielsanz.es\\\/web\\\/wp-content\\\/uploads\\\/2018\\\/03\\\/Avatar-2x6.jpg\",\"contentUrl\":\"https:\\\/\\\/www.gabrielsanz.es\\\/web\\\/wp-content\\\/uploads\\\/2018\\\/03\\\/Avatar-2x6.jpg\",\"width\":960,\"height\":640,\"caption\":\"Gabriel Sanz Glitch\"},\"logo\":{\"@id\":\"https:\\\/\\\/www.gabrielsanz.es\\\/web\\\/wp-content\\\/uploads\\\/2018\\\/03\\\/Avatar-2x6.jpg\"},\"description\":\"Artista visual, Madrid Espa\u00f1a Fotograf\u00eda, ilustraci\u00f3n, dise\u00f1o.\",\"sameAs\":[\"https:\\\/\\\/www.gabrielsanz.es\\\/web\\\/Author\",\"https:\\\/\\\/www.facebook.com\\\/gabrielsanz.glitch\",\"https:\\\/\\\/www.instagram.com\\\/gabrielsanz.glitch\\\/\",\"https:\\\/\\\/www.linkedin.com\\\/in\\\/gabriel-sanz-glitch\",\"https:\\\/\\\/www.pinterest.com\\\/gabrielsanz\",\"https:\\\/\\\/x.com\\\/GabrielSanz_Art\",\"https:\\\/\\\/youtube.com\\\/c\\\/gabrielsanzglitch\",\"https:\\\/\\\/soundcloud.com\\\/gabriel-sanz-66698558\"]}]}<\/script>\n<!-- \/ Yoast SEO plugin. -->","yoast_head_json":{"title":"Gabriel Sanz Glitch - Artes visuales, fotografia ilustracion,dise\u00f1o","description":"Artista visual Gabriel Sanz Glitch, Fotograf\u00eda, ilustraci\u00f3n, dise\u00f1o. En el Blog actualizaciones sobre obras y proyectos, experimentacion visual, video y 3D","robots":{"index":"index","follow":"follow","max-snippet":"max-snippet:-1","max-image-preview":"max-image-preview:large","max-video-preview":"max-video-preview:-1"},"canonical":"https:\/\/www.gabrielsanz.es\/web\/author\/","og_locale":"es_ES","og_type":"article","og_title":"Gabriel Sanz Glitch - Artes visuales, fotografia ilustracion,dise\u00f1o","og_description":"Artista visual Gabriel Sanz Glitch, Fotograf\u00eda, ilustraci\u00f3n, dise\u00f1o. En el Blog actualizaciones sobre obras y proyectos, experimentacion visual, video y 3D","og_url":"https:\/\/www.gabrielsanz.es\/web\/author\/","og_site_name":"Gabriel Sanz Glitch","article_publisher":"https:\/\/www.facebook.com\/gabrielsanz.glitch","article_modified_time":"2023-01-18T22:01:04+00:00","og_image":[{"width":816,"height":816,"url":"https:\/\/www.gabrielsanz.es\/web\/wp-content\/uploads\/2018\/04\/avatar-perfil.jpg","type":"image\/jpeg"}],"twitter_card":"summary_large_image","twitter_site":"@GabrielSanz_Art","twitter_misc":{"Tiempo de lectura":"2 minutos"},"schema":{"@context":"https:\/\/schema.org","@graph":[{"@type":"WebPage","@id":"https:\/\/www.gabrielsanz.es\/web\/author\/","url":"https:\/\/www.gabrielsanz.es\/web\/author\/","name":"Gabriel Sanz Glitch - Artes visuales, fotografia ilustracion,dise\u00f1o","isPartOf":{"@id":"https:\/\/www.gabrielsanz.es\/web\/#website"},"primaryImageOfPage":{"@id":"https:\/\/www.gabrielsanz.es\/web\/author\/#primaryimage"},"image":{"@id":"https:\/\/www.gabrielsanz.es\/web\/author\/#primaryimage"},"thumbnailUrl":"https:\/\/www.gabrielsanz.es\/web\/wp-content\/uploads\/2018\/04\/avatar-perfil.jpg","datePublished":"2018-04-23T22:14:35+00:00","dateModified":"2023-01-18T22:01:04+00:00","description":"Artista visual Gabriel Sanz Glitch, Fotograf\u00eda, ilustraci\u00f3n, dise\u00f1o. En el Blog actualizaciones sobre obras y proyectos, experimentacion visual, video y 3D","breadcrumb":{"@id":"https:\/\/www.gabrielsanz.es\/web\/author\/#breadcrumb"},"inLanguage":"es","potentialAction":[{"@type":"ReadAction","target":["https:\/\/www.gabrielsanz.es\/web\/author\/"]}]},{"@type":"ImageObject","inLanguage":"es","@id":"https:\/\/www.gabrielsanz.es\/web\/author\/#primaryimage","url":"https:\/\/www.gabrielsanz.es\/web\/wp-content\/uploads\/2018\/04\/avatar-perfil.jpg","contentUrl":"https:\/\/www.gabrielsanz.es\/web\/wp-content\/uploads\/2018\/04\/avatar-perfil.jpg","width":816,"height":816,"caption":"Retrato Gabriel Sanz"},{"@type":"BreadcrumbList","@id":"https:\/\/www.gabrielsanz.es\/web\/author\/#breadcrumb","itemListElement":[{"@type":"ListItem","position":1,"name":"Portada","item":"https:\/\/www.gabrielsanz.es\/web\/"},{"@type":"ListItem","position":2,"name":"Autor"}]},{"@type":"WebSite","@id":"https:\/\/www.gabrielsanz.es\/web\/#website","url":"https:\/\/www.gabrielsanz.es\/web\/","name":"Gabriel Sanz Glitch","description":"Artes visuales. Fotograf\u00eda, ilustraci\u00f3n, dise\u00f1o","publisher":{"@id":"https:\/\/www.gabrielsanz.es\/web\/#\/schema\/person\/0a3b27f1958980a66f7d2afb3183dca2"},"potentialAction":[{"@type":"SearchAction","target":{"@type":"EntryPoint","urlTemplate":"https:\/\/www.gabrielsanz.es\/web\/?s={search_term_string}"},"query-input":{"@type":"PropertyValueSpecification","valueRequired":true,"valueName":"search_term_string"}}],"inLanguage":"es"},{"@type":["Person","Organization"],"@id":"https:\/\/www.gabrielsanz.es\/web\/#\/schema\/person\/0a3b27f1958980a66f7d2afb3183dca2","name":"Gabriel Sanz Glitch","image":{"@type":"ImageObject","inLanguage":"es","@id":"https:\/\/www.gabrielsanz.es\/web\/wp-content\/uploads\/2018\/03\/Avatar-2x6.jpg","url":"https:\/\/www.gabrielsanz.es\/web\/wp-content\/uploads\/2018\/03\/Avatar-2x6.jpg","contentUrl":"https:\/\/www.gabrielsanz.es\/web\/wp-content\/uploads\/2018\/03\/Avatar-2x6.jpg","width":960,"height":640,"caption":"Gabriel Sanz Glitch"},"logo":{"@id":"https:\/\/www.gabrielsanz.es\/web\/wp-content\/uploads\/2018\/03\/Avatar-2x6.jpg"},"description":"Artista visual, Madrid Espa\u00f1a Fotograf\u00eda, ilustraci\u00f3n, dise\u00f1o.","sameAs":["https:\/\/www.gabrielsanz.es\/web\/Author","https:\/\/www.facebook.com\/gabrielsanz.glitch","https:\/\/www.instagram.com\/gabrielsanz.glitch\/","https:\/\/www.linkedin.com\/in\/gabriel-sanz-glitch","https:\/\/www.pinterest.com\/gabrielsanz","https:\/\/x.com\/GabrielSanz_Art","https:\/\/youtube.com\/c\/gabrielsanzglitch","https:\/\/soundcloud.com\/gabriel-sanz-66698558"]}]}},"_links":{"self":[{"href":"https:\/\/www.gabrielsanz.es\/web\/wp-json\/wp\/v2\/pages\/3235","targetHints":{"allow":["GET"]}}],"collection":[{"href":"https:\/\/www.gabrielsanz.es\/web\/wp-json\/wp\/v2\/pages"}],"about":[{"href":"https:\/\/www.gabrielsanz.es\/web\/wp-json\/wp\/v2\/types\/page"}],"author":[{"embeddable":true,"href":"https:\/\/www.gabrielsanz.es\/web\/wp-json\/wp\/v2\/users\/1"}],"replies":[{"embeddable":true,"href":"https:\/\/www.gabrielsanz.es\/web\/wp-json\/wp\/v2\/comments?post=3235"}],"version-history":[{"count":44,"href":"https:\/\/www.gabrielsanz.es\/web\/wp-json\/wp\/v2\/pages\/3235\/revisions"}],"predecessor-version":[{"id":4556,"href":"https:\/\/www.gabrielsanz.es\/web\/wp-json\/wp\/v2\/pages\/3235\/revisions\/4556"}],"wp:featuredmedia":[{"embeddable":true,"href":"https:\/\/www.gabrielsanz.es\/web\/wp-json\/wp\/v2\/media\/3239"}],"wp:attachment":[{"href":"https:\/\/www.gabrielsanz.es\/web\/wp-json\/wp\/v2\/media?parent=3235"}],"curies":[{"name":"wp","href":"https:\/\/api.w.org\/{rel}","templated":true}]}}